{"id":9431,"date":"2016-11-10T19:50:59","date_gmt":"2016-11-10T18:50:59","guid":{"rendered":"http:\/\/www.xiloca.org\/espacio\/?page_id=9431"},"modified":"2017-01-15T17:07:46","modified_gmt":"2017-01-15T16:07:46","slug":"la-guerra-civil-desde-rubielos-la-cerida","status":"publish","type":"page","link":"http:\/\/www.xiloca.org\/espacio\/liberica\/liberica-no-05-la-guerra-civil-vista-desde-jiloca\/la-guerra-civil-desde-rubielos-la-cerida","title":{"rendered":"La Guerra Civil desde Rubielos de la C\u00e9rida"},"content":{"rendered":"<h4 style=\"text-align: center;\">La Guerra Civil desde Rubielos de la C\u00e9rida<\/h4>\n<p style=\"text-align: center;\">[<a title=\"Lib\u00e9rica\" href=\"http:\/\/www.xiloca.com\/espacio\/?page_id=4519 \">Men\u00fa principal<\/a>] [<a title=\"N\u00ba 5\" href=\"http:\/\/www.xiloca.org\/espacio\/liberica\/liberica-no-05-la-guerra-civil-vista-desde-jiloca\">Lib\u00e9rica n\u00ba 5<\/a>]<\/p>\n<p style=\"text-align: center;\"><a href=\"http:\/\/www.xiloca.org\/data\/Publicaciones\/liberica\/05\/08rubielos.pdf\">Descargar trabajo<\/a> (0,76 Mg.)<img data-recalc-dims=\"1\" loading=\"lazy\" decoding=\"async\" class=\"size-full wp-image-254 aligncenter\" style=\"border: 0pt none;\" title=\"iconpdf\" src=\"https:\/\/i0.wp.com\/www.xiloca.com\/espacio\/wp-content\/uploads\/2009\/05\/iconpdf.gif?resize=26%2C25\" alt=\"\" width=\"26\" height=\"25\" \/><\/p>\n<p>Venimos a aqu\u00ed en nombre de nuestra Asociaci\u00f3n Cultural Amigos de Rubielos de\u00a0 la C\u00e9rida, no a contar los da\u00f1os personales ocurridos en familias de uno u otro\u00a0 bando, sino para dar una visi\u00f3n general de como transcurri\u00f3 la guerra en nuestro\u00a0 pueblo y contar alg\u00fan hecho ocurrido, tal como nos han contado nuestros mayores.<\/p>\n<p>La guerra civil en Rubielos de la C\u00e9rida fue una contienda lamentable, que dejo\u00a0 marcados a muchos de nuestros vecinos mas mayores, para toda una vida.\u00a0 Para el que lo desconozca, ha de saber que Rubielos de\u00a0 la C\u00e9rida, est\u00e1 situado a 1240 m de altura a unos 75 km\u00a0 de Teruel junto al inicio de la Sierra de Lid\u00f3n. Es un\u00a0 amplio terreno monta\u00f1oso con cerca de 67 Km2 que\u00a0 colinda con varios pueblos, Caminreal, Ba\u00f1\u00f3n, Cosa,\u00a0 Lid\u00f3n, Argente, Bue\u00f1a, Monreal del campo y Torrijo del\u00a0 campo.<\/p>\n<p>Rubielos de la C\u00e9rida estuvo desde el inicio de la guerra\u00a0 controlado por el bando nacional, y nuestras fuentes no\u00a0 recuerdan que el bando republicano entrara en el\u00a0 pueblo, ni hubiera guerra ni bombardeos en los\u00a0 alrededores.\u00a0 Si bien es cierto, si que se recuerda que hubo algunos\u00a0arrestos y fusilamientos de vecinos en esa etapa. Alg\u00fan\u00a0fusilamiento se realiz\u00f3 en \u201cLos Juncarejos\u201d que es una\u00a0 zona de la carretera que une Rubielos con Caminreal. As\u00ed mismo nadie recuerda\u00a0 que hubiera fosas comunes.<\/p>\n<p>En el medio del pueblo hay una sima de agua de origen\u00a0 natural , tambi\u00e9n se nos ha contado que esta etapa de\u00a0 miedo, por la noche los vecinos acud\u00edan sigilosamente a\u00a0 tirar a la sima cualquier elemento del que se quisieran\u00a0 deshacer o que pudiera ocasionarles problemas con un\u00a0 bando u otro, armas, escopetas, explosivos,\u00a0documentaci\u00f3n, alambradas\u2026<\/p>\n<p>Rubielos est\u00e1 inmerso en un peque\u00f1o valle y existen diversas fortificaciones de la guerra en sus<br \/>\nalrededores, la m\u00e1s importantes son:<\/p>\n<ul>\n<li>\u201cLas trincheras de los pilones.\u201d Situadas a 1320 m en un cerro donde se puede controlar parte del valle del Jiloca y El barranco de la Botiosa. Este enclave, construido curiosamente por el bando nacional a espaldas del frente republicano, entendemos que fue construido para controlar que el bando republicano no pasara por dicho barranco que da acceso a Caminreal\/Calamocha sin ser vistos.<\/li>\n<li>\u201cLa fortificaci\u00f3n de Carraba\u00f1\u00f3n\u201d Situada en el alto de Carraba\u00f1on en el lado Noreste es una peque\u00f1a fortificaci\u00f3n circular que pod\u00eda albergar una ametralladora que se ha conservado bien con el paso de los a\u00f1os.<\/li>\n<li>\u201cLa avanzadilla\u201d Estas desconocidas, pero no menos importantes trincheras, est\u00e1n situadas a unos 650 m de la ermita de \u201cSan Cristobal\u201d en el monte de \u201cSan Cristobal I\u201d junto a un punto geod\u00e9sico a 1491 m de altura. En estado muy deteriorado y no tan fortificadas como las de los Pilones, tienen m\u00e1s de 300 m de longitud y poseen lo que puede parecer 2 recintos cerrados de mas de 100 m\u00b2 en el que pudieran albergar animales, v\u00edveres, mandos\u2026 Desde ellas se pueden observar Argente, Lid\u00f3n, Visiedo y todo el \u201cHondo del mas\u201d. Es decir desde ellas se controlaba parte del frente republicano antes de la Batalla de Alfambra.<\/li>\n<\/ul>\n<p>Nuestros mayores nos cuentan que no recuerdan que hubiera muchos tiros en estos enclaves, pero s\u00ed que hab\u00eda gente y que pasaba mucho frio all\u00ed. En los meses de invierno es mas probable que hubiera mas muertes por frio que por balas en estas trincheras.<\/p>\n<p>Nos han contado que en los d\u00edas mas duros, los oficiales del bando nacional bajaban a dormir a las casas del pueblo. Llamaban y se met\u00edan y esto ocasionaba malestar en los vecinos.<\/p>\n<p>El hecho m\u00e1s curioso, que menos ha trascendido que sucedi\u00f3 tal como nos han contado nuestros vecinos, fue cuando el bando nacional bombardeo por equivocaci\u00f3n a sus propios soldados: \u201cAproximadamente en el invierno de 1938, se recuerda como un numeroso grupo de soldados nacionales, cargados con carros, mulas, v\u00edveres, munici\u00f3n\u2026 Iban por \u201cLa Ca\u00f1ada\u201d y \u201cLa dehesa\u201d en direcci\u00f3n al Peir\u00f3n de la Hoya en Pardo. Al llegar los soldados a la zona de La Hoya Gimeno, en las<br \/>\nladeras del Monte de San Crist\u00f3bal, unos aviones nacionales divisaron a los soldados y los bombardearon. Al pueblo llegaron las noticias del bombardeo y los vecinos fueron en auxilio de los<br \/>\nsoldados. Muchos soldados fallecieron en dicho bombardeo, los cuales seg\u00fan algunas fuentes, fueron enterrados en una fosa en el cementerio de Rubielos de la C\u00e9rida, los que quedaron malheridos se les llev\u00f3 y atendi\u00f3 en algunas casas en Rubielos de la C\u00e9rida y posteriormente fueron trasladados por los militares, hacia Calamocha. En d\u00edas posteriores, y debido a la necesidad que imperaba en ese duro invierno, algunos vecinos acud\u00edan a escondidas a recoger lo que pod\u00edan.<br \/>\nTambi\u00e9n se recuerda como un vecino del pueblo, rescato y cur\u00f3 a una mula que deambulaba en d\u00edas posteriores del incidente a la cual los vecinos la llamaban La Pasionaria. Esa mula fue una ayuda para las faenas agrarias, incluso se realiz\u00f3 un trueque con ella, hasta que pasado varios meses, aparecieron los militares nacionales reclam\u00e1ndola.\u201d<br \/>\nCasualidad o no, esta an\u00e9cdota relatada por nuestros mayores coinciden con un hecho ocurrido en la Batalla de Alfambra, entorno al 6 de Febrero de 1938, en el que las tropas del bando nacional sufrieron un ataque inesperado de la flotilla a\u00e9rea de Savoia-Marchetti italianos, que por error bombardearon a sus propias fuerzas.<br \/>\nHemos le\u00eddo que las fuerzas nacionales de Infanter\u00eda de la 5\u00ba Divisi\u00f3n de Navarra fueron bombardeadas por el bando nacional en Sierra Palomera. Creemos que estos hechos\u00a0est\u00e1n\u00a0relacionados con los que nos contaron nuestros mayores y que realmente sucedieron en Rubielos de la C\u00e9rida.<br \/>\nFinalmente queremos destacar que las fortificaciones de Rubielos de la C\u00e9rida de \u201cLos Pilones\u201d y \u201cLa avanzadilla\u201d fueron base de partida hacia el \u201cHondo del Mas\u201d donde se inici\u00f3, seg\u00fan algunos historiadores, la \u00faltima gran carga de la caballer\u00eda, con \u00e9xito, del siglo XX. Realizada por la 1\u00aa<br \/>\nDivisi\u00f3n de Caballer\u00eda del general Monasterio y de la 5\u00aa Divisi\u00f3n Navarra de Infanter\u00eda del general Bautista S\u00e1nchez, como parte de la segunda fase de la batalla de Teruel, la que se ha dado en llamar batalla del Alfambra. En esos d\u00edas estas divisiones intervinieron activamente junto<br \/>\na otras en la ocupaci\u00f3n de 14 poblados y m\u00e1s de 1000 kil\u00f3metros cuadrado, concluyendo en la conquista de Alfambra, que precipit\u00f3 posteriormente ca\u00edda de Teruel.<\/p>\n<p>BIBLIOGRAF\u00cdA:<br \/>\n\u201cAlfambra. La reconquista de Teruel\u201d, por Rafael Casas De La Vega<br \/>\n\u201cEl frente de Arag\u00f3n. La Guerra Civil en Arag\u00f3n, 1936-1938\u201d, por Maldonado Moya,<br \/>\nJos\u00e9 Mar\u00eda -Mira.-<br \/>\n\u00abLa Batalla de Teruel\u00bb Manuel Tu\u00f1\u00f3n de Lara -Instituto de Estudios Turolenses.-<br \/>\n\u201cLugares de la Guerra\u201d Alfonso Casas Ologaray \u2013Ediciones Tirwall-<br \/>\n\u201cLa guerra civil espa\u00f1ola\u201d Hugh Thomas- Ed. Urbi\u00f3n. Madrid. 1979<br \/>\n\u201cLa sima\u201d N\u00ba2 Art\u00edculos publicados en la revista cultural por V\u00edctor Lech\u00f3n Lid\u00f3n.<\/p>\n","protected":false},"excerpt":{"rendered":"<p>La Guerra Civil desde Rubielos de la C\u00e9rida [Men\u00fa principal] [Lib\u00e9rica n\u00ba 5] Descargar trabajo (0,76 Mg.) Venimos a aqu\u00ed en nombre de nuestra Asociaci\u00f3n Cultural Amigos de Rubielos de\u00a0 la C\u00e9rida, no a contar los da\u00f1os personales ocurridos en familias de uno u otro\u00a0 bando, sino para dar una visi\u00f3n general de como transcurri\u00f3<\/p>\n","protected":false},"author":1,"featured_media":0,"parent":9408,"menu_order":0,"comment_status":"closed","ping_status":"closed","template":"","meta":{"_exactmetrics_skip_tracking":false,"footnotes":""},"class_list":["post-9431","page","type-page","status-publish","hentry"],"yoast_head":"<!-- This site is optimized with the Yoast SEO plugin v28.4 - https:\/\/yoast.com\/product\/yoast-seo-wordpress\/ -->\n<title>La Guerra Civil desde Rubielos de la C\u00e9rida - Espacio Xiloca<\/title>\n<meta name=\"robots\" content=\"index, follow, max-snippet:-1, max-image-preview:large, max-video-preview:-1\" \/>\n<link rel=\"canonical\" href=\"http:\/\/www.xiloca.org\/espacio\/liberica\/liberica-no-05-la-guerra-civil-vista-desde-jiloca\/la-guerra-civil-desde-rubielos-la-cerida\" \/>\n<meta property=\"og:locale\" content=\"es_ES\" \/>\n<meta property=\"og:type\" content=\"article\" \/>\n<meta property=\"og:title\" content=\"La Guerra Civil desde Rubielos de la C\u00e9rida - Espacio Xiloca\" \/>\n<meta property=\"og:description\" content=\"La Guerra Civil desde Rubielos de la C\u00e9rida [Men\u00fa principal] [Lib\u00e9rica n\u00ba 5] Descargar trabajo (0,76 Mg.) Venimos a aqu\u00ed en nombre de nuestra Asociaci\u00f3n Cultural Amigos de Rubielos de\u00a0 la C\u00e9rida, no a contar los da\u00f1os personales ocurridos en familias de uno u otro\u00a0 bando, sino para dar una visi\u00f3n general de como transcurri\u00f3\" \/>\n<meta property=\"og:url\" content=\"http:\/\/www.xiloca.org\/espacio\/liberica\/liberica-no-05-la-guerra-civil-vista-desde-jiloca\/la-guerra-civil-desde-rubielos-la-cerida\" \/>\n<meta property=\"og:site_name\" content=\"Espacio Xiloca\" \/>\n<meta property=\"article:modified_time\" content=\"2017-01-15T16:07:46+00:00\" \/>\n<meta property=\"og:image\" content=\"http:\/\/www.xiloca.com\/espacio\/wp-content\/uploads\/2009\/05\/iconpdf.gif\" \/>\n<meta name=\"twitter:card\" content=\"summary_large_image\" \/>\n<meta name=\"twitter:label1\" content=\"Tiempo de lectura\" \/>\n\t<meta name=\"twitter:data1\" content=\"6 minutos\" \/>\n<script type=\"application\/ld+json\" class=\"yoast-schema-graph\">{\"@context\":\"https:\\\/\\\/schema.org\",\"@graph\":[{\"@type\":\"WebPage\",\"@id\":\"http:\\\/\\\/www.xiloca.org\\\/espacio\\\/liberica\\\/liberica-no-05-la-guerra-civil-vista-desde-jiloca\\\/la-guerra-civil-desde-rubielos-la-cerida\",\"url\":\"http:\\\/\\\/www.xiloca.org\\\/espacio\\\/liberica\\\/liberica-no-05-la-guerra-civil-vista-desde-jiloca\\\/la-guerra-civil-desde-rubielos-la-cerida\",\"name\":\"La Guerra Civil desde Rubielos de la C\u00e9rida - Espacio Xiloca\",\"isPartOf\":{\"@id\":\"http:\\\/\\\/www.xiloca.org\\\/espacio\\\/#website\"},\"primaryImageOfPage\":{\"@id\":\"http:\\\/\\\/www.xiloca.org\\\/espacio\\\/liberica\\\/liberica-no-05-la-guerra-civil-vista-desde-jiloca\\\/la-guerra-civil-desde-rubielos-la-cerida#primaryimage\"},\"image\":{\"@id\":\"http:\\\/\\\/www.xiloca.org\\\/espacio\\\/liberica\\\/liberica-no-05-la-guerra-civil-vista-desde-jiloca\\\/la-guerra-civil-desde-rubielos-la-cerida#primaryimage\"},\"thumbnailUrl\":\"http:\\\/\\\/www.xiloca.com\\\/espacio\\\/wp-content\\\/uploads\\\/2009\\\/05\\\/iconpdf.gif\",\"datePublished\":\"2016-11-10T18:50:59+00:00\",\"dateModified\":\"2017-01-15T16:07:46+00:00\",\"breadcrumb\":{\"@id\":\"http:\\\/\\\/www.xiloca.org\\\/espacio\\\/liberica\\\/liberica-no-05-la-guerra-civil-vista-desde-jiloca\\\/la-guerra-civil-desde-rubielos-la-cerida#breadcrumb\"},\"inLanguage\":\"es\",\"potentialAction\":[{\"@type\":\"ReadAction\",\"target\":[\"http:\\\/\\\/www.xiloca.org\\\/espacio\\\/liberica\\\/liberica-no-05-la-guerra-civil-vista-desde-jiloca\\\/la-guerra-civil-desde-rubielos-la-cerida\"]}]},{\"@type\":\"ImageObject\",\"inLanguage\":\"es\",\"@id\":\"http:\\\/\\\/www.xiloca.org\\\/espacio\\\/liberica\\\/liberica-no-05-la-guerra-civil-vista-desde-jiloca\\\/la-guerra-civil-desde-rubielos-la-cerida#primaryimage\",\"url\":\"http:\\\/\\\/www.xiloca.com\\\/espacio\\\/wp-content\\\/uploads\\\/2009\\\/05\\\/iconpdf.gif\",\"contentUrl\":\"http:\\\/\\\/www.xiloca.com\\\/espacio\\\/wp-content\\\/uploads\\\/2009\\\/05\\\/iconpdf.gif\"},{\"@type\":\"BreadcrumbList\",\"@id\":\"http:\\\/\\\/www.xiloca.org\\\/espacio\\\/liberica\\\/liberica-no-05-la-guerra-civil-vista-desde-jiloca\\\/la-guerra-civil-desde-rubielos-la-cerida#breadcrumb\",\"itemListElement\":[{\"@type\":\"ListItem\",\"position\":1,\"name\":\"Portada\",\"item\":\"http:\\\/\\\/www.xiloca.org\\\/espacio\\\/\"},{\"@type\":\"ListItem\",\"position\":2,\"name\":\"Lib\u00e9rica\",\"item\":\"http:\\\/\\\/www.xiloca.org\\\/espacio\\\/liberica\"},{\"@type\":\"ListItem\",\"position\":3,\"name\":\"Lib\u00e9rica n\u00ba. 05: La Guerra Civil vista desde el valle del Jiloca (nov. 2016)\",\"item\":\"http:\\\/\\\/www.xiloca.org\\\/espacio\\\/liberica\\\/liberica-no-05-la-guerra-civil-vista-desde-jiloca\"},{\"@type\":\"ListItem\",\"position\":4,\"name\":\"La Guerra Civil desde Rubielos de la C\u00e9rida\"}]},{\"@type\":\"WebSite\",\"@id\":\"http:\\\/\\\/www.xiloca.org\\\/espacio\\\/#website\",\"url\":\"http:\\\/\\\/www.xiloca.org\\\/espacio\\\/\",\"name\":\"Espacio Xiloca\",\"description\":\"Portal del Centro de Estudios del Jiloca\",\"potentialAction\":[{\"@type\":\"SearchAction\",\"target\":{\"@type\":\"EntryPoint\",\"urlTemplate\":\"http:\\\/\\\/www.xiloca.org\\\/espacio\\\/?s={search_term_string}\"},\"query-input\":{\"@type\":\"PropertyValueSpecification\",\"valueRequired\":true,\"valueName\":\"search_term_string\"}}],\"inLanguage\":\"es\"}]}<\/script>\n<!-- \/ Yoast SEO plugin. -->","yoast_head_json":{"title":"La Guerra Civil desde Rubielos de la C\u00e9rida - Espacio Xiloca","robots":{"index":"index","follow":"follow","max-snippet":"max-snippet:-1","max-image-preview":"max-image-preview:large","max-video-preview":"max-video-preview:-1"},"canonical":"http:\/\/www.xiloca.org\/espacio\/liberica\/liberica-no-05-la-guerra-civil-vista-desde-jiloca\/la-guerra-civil-desde-rubielos-la-cerida","og_locale":"es_ES","og_type":"article","og_title":"La Guerra Civil desde Rubielos de la C\u00e9rida - Espacio Xiloca","og_description":"La Guerra Civil desde Rubielos de la C\u00e9rida [Men\u00fa principal] [Lib\u00e9rica n\u00ba 5] Descargar trabajo (0,76 Mg.) Venimos a aqu\u00ed en nombre de nuestra Asociaci\u00f3n Cultural Amigos de Rubielos de\u00a0 la C\u00e9rida, no a contar los da\u00f1os personales ocurridos en familias de uno u otro\u00a0 bando, sino para dar una visi\u00f3n general de como transcurri\u00f3","og_url":"http:\/\/www.xiloca.org\/espacio\/liberica\/liberica-no-05-la-guerra-civil-vista-desde-jiloca\/la-guerra-civil-desde-rubielos-la-cerida","og_site_name":"Espacio Xiloca","article_modified_time":"2017-01-15T16:07:46+00:00","og_image":[{"url":"http:\/\/www.xiloca.com\/espacio\/wp-content\/uploads\/2009\/05\/iconpdf.gif","type":"","width":"","height":""}],"twitter_card":"summary_large_image","twitter_misc":{"Tiempo de lectura":"6 minutos"},"schema":{"@context":"https:\/\/schema.org","@graph":[{"@type":"WebPage","@id":"http:\/\/www.xiloca.org\/espacio\/liberica\/liberica-no-05-la-guerra-civil-vista-desde-jiloca\/la-guerra-civil-desde-rubielos-la-cerida","url":"http:\/\/www.xiloca.org\/espacio\/liberica\/liberica-no-05-la-guerra-civil-vista-desde-jiloca\/la-guerra-civil-desde-rubielos-la-cerida","name":"La Guerra Civil desde Rubielos de la C\u00e9rida - Espacio Xiloca","isPartOf":{"@id":"http:\/\/www.xiloca.org\/espacio\/#website"},"primaryImageOfPage":{"@id":"http:\/\/www.xiloca.org\/espacio\/liberica\/liberica-no-05-la-guerra-civil-vista-desde-jiloca\/la-guerra-civil-desde-rubielos-la-cerida#primaryimage"},"image":{"@id":"http:\/\/www.xiloca.org\/espacio\/liberica\/liberica-no-05-la-guerra-civil-vista-desde-jiloca\/la-guerra-civil-desde-rubielos-la-cerida#primaryimage"},"thumbnailUrl":"http:\/\/www.xiloca.com\/espacio\/wp-content\/uploads\/2009\/05\/iconpdf.gif","datePublished":"2016-11-10T18:50:59+00:00","dateModified":"2017-01-15T16:07:46+00:00","breadcrumb":{"@id":"http:\/\/www.xiloca.org\/espacio\/liberica\/liberica-no-05-la-guerra-civil-vista-desde-jiloca\/la-guerra-civil-desde-rubielos-la-cerida#breadcrumb"},"inLanguage":"es","potentialAction":[{"@type":"ReadAction","target":["http:\/\/www.xiloca.org\/espacio\/liberica\/liberica-no-05-la-guerra-civil-vista-desde-jiloca\/la-guerra-civil-desde-rubielos-la-cerida"]}]},{"@type":"ImageObject","inLanguage":"es","@id":"http:\/\/www.xiloca.org\/espacio\/liberica\/liberica-no-05-la-guerra-civil-vista-desde-jiloca\/la-guerra-civil-desde-rubielos-la-cerida#primaryimage","url":"http:\/\/www.xiloca.com\/espacio\/wp-content\/uploads\/2009\/05\/iconpdf.gif","contentUrl":"http:\/\/www.xiloca.com\/espacio\/wp-content\/uploads\/2009\/05\/iconpdf.gif"},{"@type":"BreadcrumbList","@id":"http:\/\/www.xiloca.org\/espacio\/liberica\/liberica-no-05-la-guerra-civil-vista-desde-jiloca\/la-guerra-civil-desde-rubielos-la-cerida#breadcrumb","itemListElement":[{"@type":"ListItem","position":1,"name":"Portada","item":"http:\/\/www.xiloca.org\/espacio\/"},{"@type":"ListItem","position":2,"name":"Lib\u00e9rica","item":"http:\/\/www.xiloca.org\/espacio\/liberica"},{"@type":"ListItem","position":3,"name":"Lib\u00e9rica n\u00ba. 05: La Guerra Civil vista desde el valle del Jiloca (nov. 2016)","item":"http:\/\/www.xiloca.org\/espacio\/liberica\/liberica-no-05-la-guerra-civil-vista-desde-jiloca"},{"@type":"ListItem","position":4,"name":"La Guerra Civil desde Rubielos de la C\u00e9rida"}]},{"@type":"WebSite","@id":"http:\/\/www.xiloca.org\/espacio\/#website","url":"http:\/\/www.xiloca.org\/espacio\/","name":"Espacio Xiloca","description":"Portal del Centro de Estudios del Jiloca","potentialAction":[{"@type":"SearchAction","target":{"@type":"EntryPoint","urlTemplate":"http:\/\/www.xiloca.org\/espacio\/?s={search_term_string}"},"query-input":{"@type":"PropertyValueSpecification","valueRequired":true,"valueName":"search_term_string"}}],"inLanguage":"es"}]}},"jetpack_sharing_enabled":true,"jetpack_shortlink":"https:\/\/wp.me\/P9eOuQ-2s7","jetpack_likes_enabled":true,"jetpack-related-posts":[],"_links":{"self":[{"href":"http:\/\/www.xiloca.org\/espacio\/wp-json\/wp\/v2\/pages\/9431","targetHints":{"allow":["GET"]}}],"collection":[{"href":"http:\/\/www.xiloca.org\/espacio\/wp-json\/wp\/v2\/pages"}],"about":[{"href":"http:\/\/www.xiloca.org\/espacio\/wp-json\/wp\/v2\/types\/page"}],"author":[{"embeddable":true,"href":"http:\/\/www.xiloca.org\/espacio\/wp-json\/wp\/v2\/users\/1"}],"replies":[{"embeddable":true,"href":"http:\/\/www.xiloca.org\/espacio\/wp-json\/wp\/v2\/comments?post=9431"}],"version-history":[{"count":6,"href":"http:\/\/www.xiloca.org\/espacio\/wp-json\/wp\/v2\/pages\/9431\/revisions"}],"predecessor-version":[{"id":9958,"href":"http:\/\/www.xiloca.org\/espacio\/wp-json\/wp\/v2\/pages\/9431\/revisions\/9958"}],"up":[{"embeddable":true,"href":"http:\/\/www.xiloca.org\/espacio\/wp-json\/wp\/v2\/pages\/9408"}],"wp:attachment":[{"href":"http:\/\/www.xiloca.org\/espacio\/wp-json\/wp\/v2\/media?parent=9431"}],"curies":[{"name":"wp","href":"https:\/\/api.w.org\/{rel}","templated":true}]}}